{"id":642,"date":"2018-04-25T14:20:05","date_gmt":"2018-04-25T17:20:05","guid":{"rendered":"https:\/\/coreconpe.gov.br\/transparencia\/?page_id=642"},"modified":"2018-04-25T14:20:05","modified_gmt":"2018-04-25T17:20:05","slug":"sistema-cofeconcorecons","status":"publish","type":"page","link":"https:\/\/coreconpe.gov.br\/transparencia\/sistema-cofeconcorecons\/","title":{"rendered":"Sistema COFECON\/CORECONs"},"content":{"rendered":"<p>Obtenha informa\u00e7\u00f5es de contato dos Conselhos Regionais.<\/p>\n<h3 align=\"justify\">Regi\u00e3o Norte<\/h3>\n<p><a href=\"http:\/\/cofecon.gov.br\/transparencia\/index.php\/corecons\/ac\/\" rel=\"noopener\">ACRE<\/a><br \/>\n<a href=\"http:\/\/cofecon.gov.br\/transparencia\/index.php\/am\/\" rel=\"noopener\">AMAZONAS<\/a><br \/>\n<a href=\"http:\/\/cofecon.gov.br\/transparencia\/index.php\/corecons\/ap-pa\/\" rel=\"noopener\">PAR\u00c1<\/a><br \/>\n<a href=\"http:\/\/cofecon.gov.br\/transparencia\/index.php\/corecons\/ro\/\" rel=\"noopener\">ROND\u00d4NIA<\/a><br \/>\n<a href=\"http:\/\/cofecon.gov.br\/transparencia\/index.php\/corecons\/rr\/\" rel=\"noopener\">RORAIMA<\/a><br \/>\n<a href=\"http:\/\/cofecon.gov.br\/transparencia\/index.php\/corecons\/to\/\" rel=\"noopener\">TOCANTINS<\/a><\/p>\n<h3 align=\"justify\">Regi\u00e3o Nordeste<\/h3>\n<p><a href=\"http:\/\/cofecon.gov.br\/transparencia\/index.php\/corecons\/al\/\" rel=\"noopener\">ALAGOAS<\/a><br \/>\n<a href=\"http:\/\/cofecon.gov.br\/transparencia\/index.php\/corecons\/ba\/\" rel=\"noopener\">BAHIA<\/a><br \/>\n<a href=\"http:\/\/cofecon.gov.br\/transparencia\/index.php\/corecons\/pe\/\" rel=\"noopener\">PERNAMBUCO<\/a><br \/>\n<a href=\"http:\/\/cofecon.gov.br\/transparencia\/index.php\/corecons\/pi\/\" rel=\"noopener\">PIAU\u00cd<\/a><br \/>\n<a href=\"http:\/\/cofecon.gov.br\/transparencia\/index.php\/corecons\/ce\/\" rel=\"noopener\">CEAR\u00c1<\/a><br \/>\n<a href=\"http:\/\/cofecon.gov.br\/transparencia\/index.php\/corecons\/ma\/\" rel=\"noopener\">MARANH\u00c3O<\/a><br \/>\n<a href=\"http:\/\/cofecon.gov.br\/transparencia\/index.php\/corecons\/se\/\" rel=\"noopener\">SERGIPE<\/a><br \/>\n<a href=\"http:\/\/cofecon.gov.br\/transparencia\/index.php\/corecons\/rn\/\" rel=\"noopener\">RIO GRANDE DO NORTE<\/a><br \/>\n<a href=\"http:\/\/cofecon.gov.br\/transparencia\/index.php\/corecons\/pb\/\" rel=\"noopener\">PARA\u00cdBA<\/a><\/p>\n<h3 align=\"justify\">Regi\u00e3o Sudeste<\/h3>\n<p><a href=\"http:\/\/cofecon.gov.br\/transparencia\/index.php\/corecons\/es\/\" rel=\"noopener\">ESP\u00cdRITO SANTO<\/a><br \/>\n<a href=\"http:\/\/cofecon.gov.br\/transparencia\/index.php\/corecons\/mg\/\" rel=\"noopener\">MINAS GERAIS<\/a><br \/>\n<a href=\"http:\/\/cofecon.gov.br\/transparencia\/index.php\/corecons\/rj\/\" rel=\"noopener\">RIO DE JANEIRO<\/a><br \/>\n<a href=\"http:\/\/cofecon.gov.br\/transparencia\/index.php\/corecons\/sp\/\" rel=\"noopener\">S\u00c3O PAULO<\/a><\/p>\n<h3 align=\"justify\">Regi\u00e3o Sul<\/h3>\n<p><a href=\"http:\/\/cofecon.gov.br\/transparencia\/index.php\/corecons\/pr\/\">PARAN\u00c1<\/a><br \/>\n<a href=\"http:\/\/cofecon.gov.br\/transparencia\/index.php\/corecons\/sc\/\" rel=\"noopener\">SANTA CATARINA<\/a><br \/>\n<a href=\"http:\/\/cofecon.gov.br\/transparencia\/index.php\/corecons\/rs\/\" rel=\"noopener\">RIO GRANDE DO SUL<\/a><\/p>\n<h3 align=\"justify\">Regi\u00e3o Centro-Oeste<\/h3>\n<p><a href=\"http:\/\/cofecon.gov.br\/transparencia\/index.php\/corecons\/df\/\" rel=\"noopener\">DISTRITO FEDERAL<\/a><br \/>\n<a href=\"http:\/\/cofecon.gov.br\/transparencia\/index.php\/corecons\/go\/\" rel=\"noopener\">GOI\u00c1S<\/a><br \/>\n<a href=\"http:\/\/cofecon.gov.br\/transparencia\/index.php\/corecons\/mt\/\" rel=\"noopener\">MATO GROSSO<\/a><br \/>\n<a href=\"http:\/\/cofecon.gov.br\/transparencia\/index.php\/corecons\/ms\/\" rel=\"noopener\">MATO GROSSO DO SUL<\/a><\/p>\n","protected":false},"excerpt":{"rendered":"<p>Obtenha informa\u00e7\u00f5es de contato dos Conselhos Regionais. Regi\u00e3o Norte ACRE AMAZONAS PAR\u00c1 ROND\u00d4NIA RORAIMA TOCANTINS Regi\u00e3o Nordeste ALAGOAS BAHIA PERNAMBUCO PIAU\u00cd CEAR\u00c1 MARANH\u00c3O SERGIPE RIO GRANDE DO NORTE PARA\u00cdBA Regi\u00e3o Sudeste ESP\u00cdRITO SANTO MINAS GERAIS RIO DE JANEIRO S\u00c3O PAULO Regi\u00e3o Sul PARAN\u00c1 SANTA CATARINA RIO GRANDE DO SUL Regi\u00e3o Centro-Oeste DISTRITO FEDERAL GOI\u00c1S MATO &hellip; <a href=\"https:\/\/coreconpe.gov.br\/transparencia\/sistema-cofeconcorecons\/\" class=\"more-link\">Continue reading <span class=\"screen-reader-text\">Sistema COFECON\/CORECONs<\/span><\/a><\/p>\n","protected":false},"author":1,"featured_media":0,"parent":0,"menu_order":0,"comment_status":"closed","ping_status":"closed","template":"","meta":{"om_disable_all_campaigns":false,"_monsterinsights_skip_tracking":false,"_monsterinsights_sitenote_active":false,"_monsterinsights_sitenote_note":"","_monsterinsights_sitenote_category":0,"footnotes":""},"class_list":["post-642","page","type-page","status-publish","hentry"],"aioseo_notices":[],"_links":{"self":[{"href":"https:\/\/coreconpe.gov.br\/transparencia\/wp-json\/wp\/v2\/pages\/642","targetHints":{"allow":["GET"]}}],"collection":[{"href":"https:\/\/coreconpe.gov.br\/transparencia\/wp-json\/wp\/v2\/pages"}],"about":[{"href":"https:\/\/coreconpe.gov.br\/transparencia\/wp-json\/wp\/v2\/types\/page"}],"author":[{"embeddable":true,"href":"https:\/\/coreconpe.gov.br\/transparencia\/wp-json\/wp\/v2\/users\/1"}],"replies":[{"embeddable":true,"href":"https:\/\/coreconpe.gov.br\/transparencia\/wp-json\/wp\/v2\/comments?post=642"}],"version-history":[{"count":1,"href":"https:\/\/coreconpe.gov.br\/transparencia\/wp-json\/wp\/v2\/pages\/642\/revisions"}],"predecessor-version":[{"id":643,"href":"https:\/\/coreconpe.gov.br\/transparencia\/wp-json\/wp\/v2\/pages\/642\/revisions\/643"}],"wp:attachment":[{"href":"https:\/\/coreconpe.gov.br\/transparencia\/wp-json\/wp\/v2\/media?parent=642"}],"curies":[{"name":"wp","href":"https:\/\/api.w.org\/{rel}","templated":true}]}}