{"id":129,"date":"2017-07-24T16:25:25","date_gmt":"2017-07-24T19:25:25","guid":{"rendered":"http:\/\/coreconpe.org.br\/transparencia\/?page_id=129"},"modified":"2025-01-09T09:02:14","modified_gmt":"2025-01-09T12:02:14","slug":"composicao-do-conselho","status":"publish","type":"page","link":"https:\/\/coreconpe.gov.br\/transparencia\/composicao-do-conselho\/","title":{"rendered":"Composi\u00e7\u00e3o do Conselho"},"content":{"rendered":"<h3>Plen\u00e1ria<\/h3>\n<h5>CONSELHEIROS EFETIVOS:<\/h5>\n<p>2025-2027<\/p>\n<p>\u2022 Severino Ferreira da Silva<br \/>\n\u2022 Jos\u00e9 Farias Gomes Filho<br \/>\n\u2022 Cezar Augusto Lins de Andrade<\/p>\n<p>2024-2026<\/p>\n<p>\u2022 Poema Isis Andrade de Souza<br \/>\n\u2022 Paulo Roberto de Magalh\u00e3es Guedes<br \/>\n\u2022 Patr\u00edcia de Souza da Silva<\/p>\n<p>2023-2025<\/p>\n<p>\u2022 Ana Cl\u00e1udia de Albuquerque Arruda Laprovitera<br \/>\n\u2022 Jo\u00e3o Albuquerque da Silva<br \/>\n\u2022 Leandro Willer Pereira Coimbra<\/p>\n<h5>CONSELHEIROS SUPLENTES:<\/h5>\n<p>2025-2027<\/p>\n<p>\u2022 Carlos Filipe de Albuquerque Braga<br \/>\n\u2022 David Emanuel Batista da Silva<br \/>\n\u2022 Maria do Socorro Macedo Coelho Lima<\/p>\n<p>2024-2026<\/p>\n<p>\u2022 Isabel Pessoa de Arruda Raposo<br \/>\n\u2022 Ana Cristina Guimar\u00e3es Carneiro<\/p>\n<p>2023-2025<\/p>\n<p>\u2022 Raphael Dantas Domingues da Silva<\/p>\n<p>\u2022 Jo\u00e3o Rog\u00e9rio Reynaldo Maia Alves Filho<\/p>\n<p>***************************<\/p>\n<p>Rayssa Kelly Melo das Merc\u00eas<br \/>\n<b>Gerente Executiva<\/b><\/p>\n<p>Fabiana Maria Vasconcelos Santiago<br \/>\n<b>Fiscal da Profiss\u00e3o do Economista<\/b><\/p>\n<p>Vanessa Almeida Linard<br \/>\n<b>Advogada<\/b><\/p>\n<p>Rayssa Kelly Melo das Merc\u00eas<br \/>\n<b>Contadora<\/b><\/p>\n<p>Yasmim do Nascimento Silva<br \/>\nRog\u00e9rio Alves da Silva J\u00fanior<br \/>\n<b>Estagi\u00e1rios<\/b><\/p>\n<p><b>CONSELHO REGIONAL DE ECONOMIA DA 3\u00aa REGI\u00c3O \u2013 PE<\/b><br \/>\nRua do Riachuelo, 105, sala 212, Boa Vista<br \/>\n50.050-400 \u2013 Recife\/PE<br \/>\nHor\u00e1rio de Atendimento:<br \/>\nSegunda-feira \u00e0 Sexta-feira, das 7h \u00e0s 16h<br \/>\nTel: (81) 3221-2473, (81) 3039-8842, (81) 99985-8433<br \/>\nE-mail: <a href=\"coreconpe@coreconpe.gov.br\">coreconpe@coreconpe.gov.br<\/a><\/p>\n","protected":false},"excerpt":{"rendered":"<p>Plen\u00e1ria CONSELHEIROS EFETIVOS: 2025-2027 \u2022 Severino Ferreira da Silva \u2022 Jos\u00e9 Farias Gomes Filho \u2022 Cezar Augusto Lins de Andrade 2024-2026 \u2022 Poema Isis Andrade de Souza \u2022 Paulo Roberto de Magalh\u00e3es Guedes \u2022 Patr\u00edcia de Souza da Silva 2023-2025 \u2022 Ana Cl\u00e1udia de Albuquerque Arruda Laprovitera \u2022 Jo\u00e3o Albuquerque da Silva \u2022 Leandro Willer &hellip; <a href=\"https:\/\/coreconpe.gov.br\/transparencia\/composicao-do-conselho\/\" class=\"more-link\">Continue reading <span class=\"screen-reader-text\">Composi\u00e7\u00e3o do Conselho<\/span><\/a><\/p>\n","protected":false},"author":1,"featured_media":0,"parent":0,"menu_order":0,"comment_status":"closed","ping_status":"closed","template":"","meta":{"om_disable_all_campaigns":false,"_monsterinsights_skip_tracking":false,"_monsterinsights_sitenote_active":false,"_monsterinsights_sitenote_note":"","_monsterinsights_sitenote_category":0,"footnotes":""},"class_list":["post-129","page","type-page","status-publish","hentry"],"aioseo_notices":[],"_links":{"self":[{"href":"https:\/\/coreconpe.gov.br\/transparencia\/wp-json\/wp\/v2\/pages\/129","targetHints":{"allow":["GET"]}}],"collection":[{"href":"https:\/\/coreconpe.gov.br\/transparencia\/wp-json\/wp\/v2\/pages"}],"about":[{"href":"https:\/\/coreconpe.gov.br\/transparencia\/wp-json\/wp\/v2\/types\/page"}],"author":[{"embeddable":true,"href":"https:\/\/coreconpe.gov.br\/transparencia\/wp-json\/wp\/v2\/users\/1"}],"replies":[{"embeddable":true,"href":"https:\/\/coreconpe.gov.br\/transparencia\/wp-json\/wp\/v2\/comments?post=129"}],"version-history":[{"count":41,"href":"https:\/\/coreconpe.gov.br\/transparencia\/wp-json\/wp\/v2\/pages\/129\/revisions"}],"predecessor-version":[{"id":2571,"href":"https:\/\/coreconpe.gov.br\/transparencia\/wp-json\/wp\/v2\/pages\/129\/revisions\/2571"}],"wp:attachment":[{"href":"https:\/\/coreconpe.gov.br\/transparencia\/wp-json\/wp\/v2\/media?parent=129"}],"curies":[{"name":"wp","href":"https:\/\/api.w.org\/{rel}","templated":true}]}}